{"id":2190,"date":"2025-12-20T13:21:53","date_gmt":"2025-12-20T12:21:53","guid":{"rendered":"https:\/\/finearttravel.de\/?page_id=2190"},"modified":"2025-12-21T22:56:36","modified_gmt":"2025-12-21T21:56:36","slug":"zurueckliegende-touren-2025","status":"publish","type":"page","link":"https:\/\/finearttravel.de\/en\/zurueckliegende-touren-2025\/","title":{"rendered":"Previous Tours 2025"},"content":{"rendered":"<div data-elementor-type=\"wp-page\" data-elementor-id=\"2190\" class=\"elementor elementor-2190\">\n\t\t\t\t\t\t<section class=\"elementor-section elementor-top-section elementor-element elementor-element-d3a710b elementor-section-boxed elementor-section-height-default elementor-section-height-default\" data-id=\"d3a710b\" data-element_type=\"section\" data-e-type=\"section\">\n\t\t\t\t\t\t<div class=\"elementor-container elementor-column-gap-default\">\n\t\t\t\t\t<div class=\"elementor-column elementor-col-100 elementor-top-column elementor-element elementor-element-29e2997\" data-id=\"29e2997\" data-element_type=\"column\" data-e-type=\"column\">\n\t\t\t<div class=\"elementor-widget-wrap elementor-element-populated\">\n\t\t\t\t\t\t<div class=\"elementor-element elementor-element-ae0c9fc elementor-widget elementor-widget-heading\" data-id=\"ae0c9fc\" data-element_type=\"widget\" data-e-type=\"widget\" data-widget_type=\"heading.default\">\n\t\t\t\t<div class=\"elementor-widget-container\">\n\t\t\t\t\t<h2 class=\"elementor-heading-title elementor-size-default\">Previous Tours 2024<\/h2>\t\t\t\t<\/div>\n\t\t\t\t<\/div>\n\t\t\t\t<div class=\"elementor-element elementor-element-02229c2 elementor-widget elementor-widget-text-editor\" data-id=\"02229c2\" data-element_type=\"widget\" data-e-type=\"widget\" data-widget_type=\"text-editor.default\">\n\t\t\t\t<div class=\"elementor-widget-container\">\n\t\t\t\t\t\t\t\t\t<p style=\"text-align: center;\"><span style=\"color: #bd1323;\">&#8211;<\/span><span style=\"color: #fddd05;\">&#8211;<\/span><span style=\"color: #15973a;\">&#8211;<\/span><\/p>\t\t\t\t\t\t\t\t<\/div>\n\t\t\t\t<\/div>\n\t\t\t\t<div class=\"elementor-element elementor-element-f7d9c27 elementor-widget elementor-widget-heading\" data-id=\"f7d9c27\" data-element_type=\"widget\" data-e-type=\"widget\" data-widget_type=\"heading.default\">\n\t\t\t\t<div class=\"elementor-widget-container\">\n\t\t\t\t\t<h3 class=\"elementor-heading-title elementor-size-default\">Overview of previous tours<\/h3>\t\t\t\t<\/div>\n\t\t\t\t<\/div>\n\t\t\t\t<div class=\"elementor-element elementor-element-e365be1 elementor-widget elementor-widget-text-editor\" data-id=\"e365be1\" data-element_type=\"widget\" data-e-type=\"widget\" data-widget_type=\"text-editor.default\">\n\t\t\t\t<div class=\"elementor-widget-container\">\n\t\t\t\t\t\t\t\t\t<p>In der unteren Tabelle sind unsere letzten, bereits durchgef\u00fchrten Transporttermine im Jahr 2023, untergliedert in Kalenderwoche, Datum und Zielorte bzw. L\u00e4nder tabellarisch dargestellt.<\/p>\t\t\t\t\t\t\t\t<\/div>\n\t\t\t\t<\/div>\n\t\t\t\t<div class=\"elementor-element elementor-element-72c9f0a elementor-widget elementor-widget-html\" data-id=\"72c9f0a\" data-element_type=\"widget\" data-e-type=\"widget\" data-widget_type=\"html.default\">\n\t\t\t\t<div class=\"elementor-widget-container\">\n\t\t\t\t\t<style>\ntable {\n  border-collapse: collapse;\n  border-spacing: 0;\n  width: 100%;\n  border: 1px solid #ddd;\n}\n\nth, td {\n  text-align: left;\n  padding: 8px;\n}\n\ntr:nth-child(even){background-color: #f2f2f2}\n<\/style>\n\n  <table>\n    <thead>\n        <tr>\n            <th style=\"border:0; width:190px;\"><b>Calendar week<\/b><\/th>\n            <th style=\"border:0; width:145px;\"><b>Date<\/b><\/th>\n            <th style=\"border:0\"><b>Destinations<\/b><\/th>\n        <\/tr>\n    <\/thead>\n    <tr>\n      <td>cw 01<\/td>\n      <td>30.12.24 - 03.01.25<\/td>\n      <td>No tours - office occupied<\/td>\n    <\/tr>\n    <tr>\n      <td>cw 02<\/td>\n      <td>07.01. - 11.01.2025<\/td>\n      <td>Central and East Germany<\/td>\n    <\/tr>\n    <tr>\n        <td><\/td>\n        <td colspan=\"2\" style=\"font-size: 12px\">Halle; Neustrelitz; Oldenburg; Putbus; Wernigerode<\/td>\n    <\/tr>\n    <tr>\n      <td>cw 03<\/td>\n      <td>14.01 - 17.01.2025<\/td>\n      <td>North and East Germany<\/td>\n    <\/tr>\n    <tr>\n        <td><\/td>\n        <td colspan=\"2\" style=\"font-size: 12px\">Berlin; Bielefeld; Cuxhaven; Frankfurt (Oder); Magdeburg; Waren (M\u00fcritz); Wolfsburg<\/td>\n    <\/tr>\n    <tr>\n      <td>cw 04<\/td>\n      <td>20.10. - 24.01.2025<\/td>\n      <td>West- \/S\u00fcddeutschland \/ Schweiz<\/td>\n    <\/tr>\n    <tr>\n        <td><\/td>\n        <td colspan=\"2\" style=\"font-size: 12px\">Ballrechten-Dottingen; Erfurt; Fraubrunnen (CH); Granges-Pr\u00e8s-Marnand (CH); Hamburg; Ilvesheim; Leipzig; Luzern (CH); Meckesheim; Morbach; Schweinfurt; Souboz (CH); Stuttgart; Titisee-Neustadt; Zehdenick; Z\u00fcrich (CH); \u00dcberlingen<\/td>\n    <\/tr>\n    <tr>\n      <td>cw 05<\/td>\n      <td>27.01. - 31.01.2025<\/td>\n      <td>Western Germany, Netherlands, Belgium<\/td>\n    <\/tr>\n    <tr>\n        <td><\/td>\n        <td colspan=\"2\" style=\"font-size: 12px\">Bad Rothenfelde; Bad Soden am Taunus; Butzbach; Br\u00fcssel (BE); Gelsenkirchen; Hamm; Leverkusen; L\u00fcttich (BE); M\u00f6rfelden-Walldorf; Preu\u00dfisch Oldendorf; Recklinghausen; Schleiden; Sottrum; Steinhagen; Velbert; Weilburg; Wuppertal<\/td>\n    <\/tr>\n    <tr>\n      <td>cw 06<\/td>\n      <td>03.02 - 07.02.2025<\/td>\n      <td>Central and Southern Germany<\/td>\n    <\/tr>\n    <tr>\n        <td><\/td>\n        <td colspan=\"2\" style=\"font-size: 12px\">Alsbach-H\u00e4hnlein; Augsburg; Bad W\u00f6rishofen; Beltheim; Egenhofen; Filderstadt; Herrsching am Ammersee; Konstanz; Lindau; M\u00fcnchen; Neuleiningen; Reutlingen; Wolfratshausen<\/td>\n    <\/tr>\n    <tr>\n      <td>cw 07<\/td>\n      <td>10.02. - 14.02.2025<\/td>\n      <td>East Germany \/ Czech Republic \/ Austria \/ Southern Germany<\/td>\n    <\/tr>\n    <tr>\n        <td><\/td>\n        <td colspan=\"2\" style=\"font-size: 12px\">Ahrenshoop; Babelsberg; Coswig (Anhalt); Elsteraue; Gradenegg (AT); Havelberg; Kleineberharts (AT); Kottingbrunn (AT); Pilsen (CZ); Prag (CZ); Pritzwalk; Schwarzenberg\/Erzgebirge-Bermsgr\u00fcn; Tabor (CZ); Vordorf; Wien (AT)<\/td>\n    <\/tr>\n    <tr>\n      <td>cw 08<\/td>\n      <td>17.02. - 21.02.2025<\/td>\n      <td>Northern, Western and Southern Germany<\/td>\n    <\/tr>\n    <tr>\n        <td><\/td>\n        <td colspan=\"2\" style=\"font-size: 12px\">Beckedorf; Bingen am Rhein; D\u00fcsseldorf; Flensburg; Fr\u00f6ndenberg\/Ruhr; Hilchenbach; Kaufungen; Lemgo; L\u00f6hne; L\u00fctjenburg; Melbeck; Memmingen; Minden; Neuss; Witzenhausen<\/td>\n    <\/tr>\n    <tr>\n      <td>cw 09<\/td>\n      <td>23.02. - 27.02.2025<\/td>\n      <td>Central and West Germany<\/td>\n    <\/tr>\n    <tr>\n        <td><\/td>\n        <td colspan=\"2\" style=\"font-size: 12px\">Bad Soden-Salm\u00fcnster; Braunschweig; F\u00fcrth; Gera; Hannover; Hilpoltstein; K\u00fcrten; Neuruppin; Paderborn; Storkau (Elbe); Zwickau<\/td>\n    <\/tr>\n    <tr>\n      <td>cw 10<\/td>\n      <td>03.03. - 07.03.2025<\/td>\n      <td>Western Germany, Netherlands, Belgium<\/td>\n    <\/tr>\n    <tr>\n        <td><\/td>\n        <td colspan=\"2\" style=\"font-size: 12px\">Frankfurt am Main; Hilde; Kerpen; Knokke-Heist (BE); Langwedel; Uccle (BE); Uehrde; Zaventem (BE); Zeil am Main<\/td>\n    <\/tr>\n    <tr>\n      <td>cw 11<\/td>\n      <td>10.03. - 14.03.2025<\/td>\n      <td>East Germany<\/td>\n    <\/tr>\n    <tr>\n        <td><\/td>\n        <td colspan=\"2\" style=\"font-size: 12px\">Butzow; L\u00fcbeck; Neubrandenburg; Potsdam; Rostock<\/td>\n    <\/tr>\n    <tr>\n      <td>cw 12<\/td>\n      <td>17.03. - 21.03.2025<\/td>\n      <td>Central and Southern Germany \/ Switzerland \/ Austria<\/td>\n    <\/tr>\n    <tr>\n        <td><\/td>\n        <td colspan=\"2\" style=\"font-size: 12px\">Appenzell (CH); Bern (CH); Freiburg im Breisgau; Fulda; Genf (CH); Graz (AT); Kiefersfelden; Neu-Ulm; Plauen; Radolfzell am Bodensee; Salzburg (AT); Stadtbergen; Tegernsee<\/td>\n    <\/tr>\n    <tr>\n      <td>cw 13<\/td>\n      <td>24.03. - 28.03.2025<\/td>\n      <td>Northern, Western and Central Germany<\/td>\n    <\/tr>\n    <tr>\n        <td><\/td>\n        <td colspan=\"2\" style=\"font-size: 12px\">Bonn; Bremen; Dortmund; Essen; Groningen (NL); Hanau; L\u00fcneburg; Rieden<\/td>\n    <\/tr>\n    <tr>\n      <td>cw 14<\/td>\n      <td>31.03. - 04.04.2025<\/td>\n      <td>Netherlands \/ Belgium \/ Western and Southern Germany<\/td>\n    <\/tr>\n    <tr>\n        <td><\/td>\n        <td colspan=\"2\" style=\"font-size: 12px\">Aidlingen; Antwerpen (BE); Bad Laasphe; Brugge (BE); Lokeren (BE); Ludwigsburg; Marburg; Ulm; Untersiemau; Karlsruhe<\/td>\n    <\/tr>\n    <tr>\n      <td>cw 15<\/td>\n      <td>07.04. - 11.04.2025<\/td>\n      <td>North and East Germany<\/td>\n    <\/tr>\n    <tr>\n        <td><\/td>\n        <td colspan=\"2\" style=\"font-size: 12px\">Bad Oldesloe; Neuburg; Schwerin<\/td>\n    <\/tr>\n    <tr>\n      <td>cw 16<\/td>\n      <td>14.04. - 17.04.2025<\/td>\n      <td>Belgium \/ Netherlands \/ Paris and surrounding areas \/ Western Germany<\/td>\n    <\/tr>\n    <tr>\n        <td><\/td>\n        <td colspan=\"2\" style=\"font-size: 12px\">Badbergen; Caen (FR); Friedberg; Gennevilliers (FR); Grogent (BE); Kleve; M\u00fcnster; Paris (FR); Saarbr\u00fccken; Schmitten im Taunus; Wingene (BE); Worms<\/td>\n    <\/tr>\n    <tr>\n      <td>cw 17<\/td>\n      <td>22.04. - 25.04.2025<\/td>\n      <td>Southern and Central Germany (warehouses only partially staffed)<\/td>\n    <\/tr>\n    <tr>\n        <td><\/td>\n        <td colspan=\"2\" style=\"font-size: 12px\">Bamberg; Celle; Erfurt; G\u00f6ttingen; Hildesheim; Ingolstadt; Jena; Kassel; Landshut; N\u00fcrnberg; Regensburg; W\u00fcrzburg<\/td>\n    <\/tr>\n    <tr>\n      <td>cw 18<\/td>\n      <td>28.04. - 02.05.2025<\/td>\n      <td>Northern and Western Germany (warehouses only partially staffed)<\/td>\n    <\/tr>\n    <tr>\n        <td><\/td>\n        <td colspan=\"2\" style=\"font-size: 12px\">Bad Kissingen; Duisburg; Eisenach; Heidelberg; Koblenz; K\u00f6ln; Mayen; Meiningen; Peine; Schwerte; Warendorf; Wiesbaden<\/td>\n    <\/tr>\n    <tr>\n      <td>cw 19<\/td>\n      <td>05.05. - 09.05.2025<\/td>\n      <td>Poland \/ Czech Republic \/ Austria \/ Switzerland \/ Eastern and Southern Germany<\/td>\n    <\/tr>\n    <tr>\n        <td><\/td>\n        <td colspan=\"2\" style=\"font-size: 12px\">Br\u00fcnn (CZ); Dresden; Gro\u00dfsch\u00f6nau; Jirny (CZ); Linz (AT); M\u00fcnsing; Prag (CZ); Wolfurt (AT); Z\u00fcrich (CH)<\/td>\n    <\/tr>\n    <tr>\n      <td>cw 20<\/td>\n      <td>12.05. - 16.05.2025<\/td>\n      <td>Western, Southern and Eastern Germany \/ Austria<\/td>\n    <\/tr>\n    <tr>\n        <td><\/td>\n        <td colspan=\"2\" style=\"font-size: 12px\">Aschheim; Buchloe; Geltendorf; Mayen; M\u00f6mlingen; Mondsee (AT); Otterfing<\/td>\n    <\/tr>\n    <tr>\n      <td>cw 21<\/td>\n      <td>19.05. - 23.05.2025<\/td>\n      <td>Northern and Western Germany, Netherlands, Belgium<\/td>\n    <\/tr>\n    <tr>\n        <td><\/td>\n        <td colspan=\"2\" style=\"font-size: 12px\">Amsterdam (NL); Bonheiden (BE); Dilbeek (BE); Hagenburg; Machelen (BE); Pinneberg; Rotterdam (NL); Wangerland; Zwolle (NL)<\/td>\n    <\/tr>\n    <tr>\n      <td>cw 22<\/td>\n      <td>26.05. - 30.05.2025<\/td>\n      <td>West and Central Germany<\/td>\n    <\/tr>\n    <tr>\n        <td><\/td>\n        <td colspan=\"2\" style=\"font-size: 12px\">Bamberg, Bochum, Flensburg, Frankfurt am Main, Ginsheim-Gustavsburg, Hallstadt, Hamburg, Heeslingen, K\u00f6ln, Mainz, Mendig, Osnabr\u00fcck, Stegaurach-Debring, Vechta, Weimar, Wiehl, Zeil am Main<\/td>\n    <\/tr>\n    <tr>\n      <td>cw 23<\/td>\n      <td>02.06. - 06.06.2025<\/td>\n      <td>Western and Southern Germany \/ Switzerland<\/td>\n    <\/tr>\n    <tr>\n        <td><\/td>\n        <td colspan=\"2\" style=\"font-size: 12px\">Baden-Baden, Bad Mergentheim, Conthey (CH), D\u00fcsseldorf, Grenzach-Wyhlen, Gstaad (CH), Kirrweiler, Krefeld, L\u00f6rrach, L\u00fcneburg, Morbach, Stuttgart, Urn\u00e4sch (CH), Weil am Rhein, Wetzlar<\/td>\n    <\/tr>\n    <tr>\n      <td>cw 24<\/td>\n      <td>09.06. - 13.06.2025<\/td>\n      <td>Northern and Western Germany, Netherlands, Belgium<\/td>\n    <\/tr>\n    <tr>\n        <td><\/td>\n        <td colspan=\"2\" style=\"font-size: 12px\">Berlin, Brugge (BE), Damlos, Eindhoven (NL), Gentt (BE), Kle\u00dfen-G\u00f6rne, L\u00fcbeck, Machelen (BE), Potsdam, Schwerin, Wuppertal<\/td>\n    <\/tr>\n    <tr>\n      <td>cw 25<\/td>\n      <td>16.06. - 20.06.2025<\/td>\n      <td>Germany (all over)<\/td>\n    <\/tr>\n    <tr>\n        <td><\/td>\n        <td colspan=\"2\" style=\"font-size: 12px\">Burgdorf, Dorfen, F\u00fcrth, G\u00f6ttingen, Gronau, K\u00f6ln, Leverkusen, Mannheim, Meisenheim, Moers, Morbach, M\u00fcnchen, Saarbr\u00fccken, \u00dcberherrn, Ulm, Unteregg<\/td>\n    <\/tr>\n    <tr>\n      <td>cw 26<\/td>\n      <td>23.06. - 27.06.2025<\/td>\n          <td>Berlin, Northern Germany<\/td>\n    <\/tr>\n    <tr>\n        <td><\/td>\n        <td colspan=\"2\" style=\"font-size: 12px\">Berlin, Milower Land, L\u00fcbeck, Kiel, Neuruppin, Rostock, Uelzen, Wolfsburg<\/td>\n    <\/tr>\n    <tr>\n      <td>KW 27<\/td>\n      <td>30.06. - 04.07.2025<\/td>\n      <td>Central Germany, France, Paris<\/td>\n    <\/tr>\n    <tr>\n        <td><\/td>\n        <td colspan=\"2\" style=\"font-size: 12px\">Aachen, Bielefeld, Br\u00fcssel (BE), Charleville-M\u00e9zi\u00e8res (FR), D\u00fcsseldorf, Fronreute, Gent (BE), Harelbeke (BE), Kelkheim (Taunus), K\u00f6ln, Laudenbach, Leimen, Maastrich (BE), M\u00fclheim an der Ruhr, Luxemburg (LUX) M\u00fcnster, Neuss, Roeselare (BE), Stra\u00dfburg (FR)<\/td>\n    <\/tr>\n    <tr>\n      <td>cw 28<\/td>\n      <td>07.07. - 11.07.2025<\/td>\n          <td>Germany (all over)<\/td>\n    <\/tr>\n    <tr>\n        <td><\/td>\n        <td colspan=\"2\" style=\"font-size: 12px\">Bennewitz, Breitbrunn am Chiemsee, Denkendorf,  Heeslingen, Hornbek, Kle\u00dfen-G\u00f6rne, Landshut, Laudenbach, Lindau, L\u00fctjenburg, Miesbach, M\u00fcnchen, Neukirchen, Nittenau, Schwarzenbek<\/td>\n    <\/tr>\n    <tr>\n      <td>cw 29<\/td>\n      <td>14.07. - 18.07.2025<\/td>\n          <td>East Germany<\/td>\n    <\/tr>\n    <tr>\n        <td><\/td>\n        <td colspan=\"2\" style=\"font-size: 12px\">Berlin, Braunschweig, D\u00f6beln, Dresden, Gifhorn, Halle, Helmstedt, K\u00f6nigs W\u00fcsterhausen, Leipzig, Ludwigslust, Magdeburg, Nienburg (Saale), Parchim, Perleberg, Radeberg, Uelzen<\/td>\n    <\/tr>\n    <tr>\n      <td>cw 30<\/td>\n      <td>21.07. - 25.07.2025<\/td>\n          <td>Poland \/ Czech Republic \/ Austria \/ Eastern and Southern Germany<\/td>\n    <\/tr>\n    <tr>\n        <td><\/td>\n        <td colspan=\"2\" style=\"font-size: 12px\">Br\u00fcnn (CZ), Erlangen, Fulda, Graz(AT), G\u00f6ttingen, Hildesheim, Ingolstadt, Kassel, Klosterneuburg (AT), M\u00fcnchen, N\u00fcrnberg, Prag (CZ), Salzburg (AT), Wien (AT), W\u00fcrzburg<\/td>\n    <\/tr>\n    <tr>\n      <td>cw 31<\/td>\n      <td>28.07. - 01.08.2025<\/td>\n          <td>West Germany, Netherlands, Belgium, France<\/td>\n    <\/tr>\n    <tr>\n        <td><\/td>\n        <td colspan=\"2\" style=\"font-size: 12px\">Asperg, Bielefeld, Bremen, Br\u00fcssel (BE), Dijon (FR), D\u00fcsseldorf, Frankfurt am Main, Hannover, Kassel, K\u00f6ln, Le Mans (FR), Mannheim, M\u00f6tzingen, Neckargem\u00fcnd, Orleans (FR), Paris (FR), Rickenbach, Rouen (FR), Velbert, Worpswede, Wuppertal<\/td>\n    <\/tr>\n    <tr>\n      <td>cw 32<\/td>\n      <td>04.08. - 08.08.2025<\/td>\n          <td>Eastern \/ Central and Southern Germany<\/td>\n    <\/tr>\n    <tr>\n        <td><\/td>\n        <td colspan=\"2\" style=\"font-size: 12px\">Aholfing-Puchhof, Bamberg, Bayreuth, Berlin, Finning, Frankfurt am Main, Garmisch-Partenkirchen, G\u00f6ppingen, Halberstadt, Hamburg, Jahnsdorf\/Erzgebirge, K\u00f6nigstein im Taunus, L\u00f6wenberger Land, Mandel, Mannheim, M\u00fcnchen, Neunkirchen am Sand, Neu-Ulm, Plauen, Witzenhausen, W\u00f6rth an der Donau<\/td>\n    <\/tr>\n    <tr>\n      <td>cw 33<\/td>\n      <td>11.08. - 15.08.2025<\/td>\n          <td>Nord- West- und S\u00fcddeutschland<\/td>\n    <\/tr>\n    <tr>\n        <td><\/td>\n        <td colspan=\"2\" style=\"font-size: 12px\">Bielefeld, D\u00fcsseldorf, Essen, Flensburg, Hamburg, Horrweiler, M\u00fcnchen, Putzbrunn, W\u00fcrzburg<\/td>\n    <\/tr>\n    <tr>\n      <td>cw 34<\/td>\n      <td>18.08. - 22.08.2025<\/td>\n          <td>Eastern \/ Central and Southern Germany<\/td>\n    <\/tr>\n    <tr>\n        <td><\/td>\n        <td colspan=\"2\" style=\"font-size: 12px\">Bischberg, Bismark (Altmark), Egenhofen, Eichst\u00e4tt, F\u00fcrth, Hamburg, Heidenheim an der Brenz, Holzgerlingen, Ingolstadt, Leipzig, M\u00fcnchen, Sch\u00f6ffengrund, Stadtbergen<\/td>\n    <\/tr>\n    <tr>\n      <td>cw 35<\/td>\n      <td>25.08. - 30.08.2025<\/td>\n          <td>Central and Southern Germany<\/td>\n    <\/tr>\n    <tr>\n        <td><\/td>\n        <td colspan=\"2\" style=\"font-size: 12px\">Augsburg, Frankfurt am Main, Freiburg, Karlsruhe, Mannheim, M\u00fcnchen, N\u00fcrnberg, Regensburg, Stuttgart<\/td>\n    <\/tr>\n    <tr>\n      <td>cw 36<\/td>\n      <td>01.09. - 05.09.2025<\/td>\n          <td>Northern Germany<\/td>\n    <\/tr>\n    <tr>\n        <td><\/td>\n        <td colspan=\"2\" style=\"font-size: 12px\">Eckernf\u00f6rde, Flensburg, Hamburg, Hannover, K\u00f6ln, List auf Sylt, L\u00fcbeck, Pinneberg, Rendsburg, Stockelsdorf, Wisch, Wulfsen<\/td>\n    <\/tr>\n    <tr>\n      <td>cw 37<\/td>\n      <td>08.09. - 12.09.2025<\/td>\n          <td>Northern and Western Germany, Netherlands, Belgium<\/td>\n    <\/tr>\n    <tr>\n        <td><\/td>\n        <td colspan=\"2\" style=\"font-size: 12px\">Aachen, Antwerpen (BE), Arnhem (NL), Berlin, Bremen, Br\u00fcssel (BE), Colijnsplaat (NL), Duisburg, D\u00fcsseldorf, Enschede, Kle\u00dfen G\u00f6rne, Laer, Maastrich (NL), Meerbusch, Osnabr\u00fcck, Rotterdam (NL)<\/td>\n    <\/tr>\n    <tr>\n      <td>cw 38<\/td>\n      <td>15.09. - 19.09.2025<\/td>\n          <td>Germany (all over)<\/td>\n    <\/tr>\n    <tr>\n        <td><\/td>\n        <td colspan=\"2\" style=\"font-size: 12px\">Bielefeld, Bocholt, Bremerhaven, Chemnitz, Darmstadt, Freiburg im Breisgau, Hagen, Heilbronn, Koblenz, Krefeld, Leverkusen, Moers, M\u00fcnchen, Remscheid, Rostock, Solingen, Trier, Zwickau<\/td>\n    <\/tr>\n    <tr>\n      <td>cw 39<\/td>\n      <td>22.09. - 26.09.2025<\/td>\n          <td>Belgium \/ Netherlands \/ Great Britain<\/td>\n    <\/tr>\n    <tr>\n        <td><\/td>\n        <td colspan=\"2\" style=\"font-size: 12px\">Antwerpen (BE), Br\u00fcssel (BE), Chenies (GB), Coquelles (FR), D\u00fcsseldorf, Drogenbos (BE), Halle (Saale), K\u00f6ln, Leisnig, Lille (FR), London (GB), Maidstone (GB), Oostende (BE), Roeselare (BE)<\/td>\n    <\/tr>\n    <tr>\n      <td>cw 41<\/td>\n      <td>29.09. - 03.10.2025<\/td>\n          <td>Poland \/ Czech Republic \/ Austria \/ Germany<\/td>\n    <\/tr>\n    <tr>\n        <td><\/td>\n        <td colspan=\"2\" style=\"font-size: 12px\">Bad Rothenfelde, Berlin, Dornstetten, Duisburg, D\u00fcsseldorf, Freiburg im Breisgau, Koblenz, K\u00f6ln, Krefeld, Mayen, Morbach, M\u00fcnster, Neu-Ulm, Potsdam, Ransbach-Baumbach, Waldmohr, Warendorf, Wien (AT), Wetzlar, Zittau<\/td>\n    <\/tr>\n    <tr>\n      <td>cw 41<\/td>\n      <td>06.10. - 10.10.2025<\/td>\n          <td>Central and Southern Germany<\/td>\n    <\/tr>\n    <tr>\n        <td><\/td>\n        <td colspan=\"2\" style=\"font-size: 12px\">Amberg, Bad Driburg, Bamberg, Burgdorf, Clausthal-Zellerfeld, Coburg, Colmberg, F\u00fcrth, Gro\u00dflohra, Halle (Saale), Hamm, Kassel, Leipzig, Melbeck, Neunkirchen am Sand, Neu-Ulm, N\u00fcrnberg, Pentling, Plauen, Preu\u00dfisch Oldendorf, Reppenstedt, R\u00f6ttenbach, W\u00fcrzburg<\/td>\n    <\/tr>\n    <tr>\n      <td>cw 42<\/td>\n      <td>13.10. - 17.10.2025<\/td>\n          <td>Central Germany, Netherlands, Belgium<\/td>\n    <\/tr>\n    <tr>\n        <td><\/td>\n        <td colspan=\"2\" style=\"font-size: 12px\">Amsterdam (NL), Berlin, Bremen, Br\u00fcssel (BE), D\u00fcsseldorf, Hannover, Heinsberg, Hornbek, Kalmthout (BE), Kerpen, K\u00f6ln, Leisnig, Les Bons Villers (BE), L\u00fcttich (BE), Velbert, Wingene (BE), Witzhave, Worpswede<\/td>\n    <\/tr>\n    <tr>\n      <td>cw 43<\/td>\n      <td>20.10. - 24.10.2025<\/td>\n          <td>Northern Germany<\/td>\n    <\/tr>\n    <tr>\n        <td><\/td>\n        <td colspan=\"2\" style=\"font-size: 12px\">Elmshorn, Flensburg, Hamburg, Itzehoe, Kiel, Neum\u00fcnster, Norderstedt, Pinneberg, Rendsburg, Schleswig<\/td>\n    <\/tr>\n    <tr>\n      <td>cw 44<\/td>\n      <td>27.10. - 31.10.2025<\/td>\n          <td>Western Germany \/ France<\/td>\n    <\/tr>\n    <tr>\n        <td><\/td>\n        <td colspan=\"2\" style=\"font-size: 12px\">Bingen am Rhein, Bonn, Dijon (FR), D\u00fcsseldorf, Favi\u00e8res (FR), Geestland, Goch, Hagenburg, Hannover, K\u00f6nigstein im Taunus, Langwedel, Les Bons Villers (BE), Lille (FR), Lippetal, Lyon (FR), Metz (FR), Osnabr\u00fcck, Paris (FR), Reims (FR), Schifferstadt, Stra\u00dfburg (FR), Sulzbach\/Saar, \u00dcberherrn, Versailles (FR), W\u00fcrzburg, Zwolle (NL)<\/td>\n    <\/tr>\n    <tr>\n      <td>cw 45<\/td>\n      <td>03.11. - 07.11.2025<\/td>\n          <td>Great Britain<\/td>\n    <\/tr>\n    <tr>\n        <td><\/td>\n        <td colspan=\"2\" style=\"font-size: 12px\">Ashford (GB), Bath (GB), Berlin, Brugge (BE), Calais (FR), Cambridge (GB), Canterbury (GB), Chenies (GB), Dover (GB), Folkestone (GB), Leisnig, Liverpool (GB), London (GB), Luckenwalde, Machelen (BE), Manchester (GB), Oxford (GB), Potsdam, Reading (GB), Southampton (GB), Windsor (GB), Wolverhampton (GB), York (GB)<\/td>\n    <\/tr>\n    <tr>\n      <td>cw 46<\/td>\n      <td>10.11. - 14.11.2025<\/td>\n          <td>Poland \/ Czech Republic \/ Austria \/ Germany<\/td>\n    <\/tr>\n    <tr>\n        <td><\/td>\n        <td colspan=\"2\" style=\"font-size: 12px\">Berlin, Bermatingen, Dresden, Frankfurt am Main, Fraubrunnen (CH), Freigericht, F\u00fcrth, Gie\u00dfen, Konstanz, M\u00fcnchen, N\u00fcrnberg, Potsdam, Rastatt, Sindelfingen, Stuttgart, Ulm, Weil am Rhein, Weingarten, Wien (AT)<\/td>\n    <\/tr>\n    <tr>\n      <td>cw 47<\/td>\n      <td>17.11. - 21.11.2025<\/td>\n          <td>Northern Germany<\/td>\n    <\/tr>\n    <tr>\n        <td><\/td>\n        <td colspan=\"2\" style=\"font-size: 12px\">Ahrensburg, Alfeld (Leine), Bad Bevensen, Barmstedt, Bleckede, Bremerv\u00f6rde, Buchholz in der Nordheide, Gl\u00fcckstadt, Hitzacker (Elbe), Lauenburg\/Elbe, Neustadt am R\u00fcbenberge, Ottersberg, Ratzeburg, Rotenburg (W\u00fcmme), Uelzen<\/td>\n    <\/tr>\n    <tr>\n      <td>cw 48<\/td>\n      <td>24.11. - 28.11.2025<\/td>\n          <td>Netherlands \/ Western Germany<\/td>\n    <\/tr>\n    <tr>\n        <td><\/td>\n        <td colspan=\"2\" style=\"font-size: 12px\">Apeldoorn (NL), Bocholt, Deventer (NL), Doetinchem (NL), Emmerich am Rhein, Geldern, Harderwijk (NL), Hattingen, Kleve, Lochem (NL), Meppel (NL), Moers, Nordhorn, Roermond (NL), Steinfurt, Tiel (NL), Winterswijk (NL), Xanten<\/td>\n    <\/tr>\n    <tr>\n      <td>cw 49<\/td>\n      <td>01.12. - 05.12.2025<\/td>\n          <td>Germany (all over)<\/td>\n    <\/tr>\n    <tr>\n        <td><\/td>\n        <td colspan=\"2\" style=\"font-size: 12px\">Berlin, Bremen, Darmstadt, Detmold, D\u00fcsseldorf, Enschede (NL), Halle (Saale), Heltersberg, Hildesheim, Hornbek, Krefeld, Leisnig, Lutherstadt Wittenberg, Malchow, Obernburg am Main, Ostelsheim, Schorfheide, Steinberg<\/td>\n    <\/tr>\n    <tr>\n      <td>cw 50<\/td>\n      <td>08.11. - 12.12.2025<\/td>\n          <td>Germany (all over) \/ Belgium \/ Netherlands<\/td>\n    <\/tr>\n    <tr>\n        <td><\/td>\n        <td colspan=\"2\" style=\"font-size: 12px\">Coburg, Donaueschingen, D\u00fcsseldorf, Eitorf, Frankfurt am Main, F\u00fcrth, Goch, Hannover, Hohentengen am Hochrhein, Kappel-Grafenhausen, Machelen (BE), Meisenheim, Melbeck, Morbach, Neu-Ulm, Quedlinburg, Regensburg, Trossingen<\/td>\n    <\/tr>\n    <tr>\n      <td>cw 51<\/td>\n      <td>15.12. - 19.11.2025<\/td>\n          <td>North and Central Germany<\/td>\n    <\/tr>\n    <tr>\n        <td><\/td>\n        <td colspan=\"2\" style=\"font-size: 12px\">Ahlden (Aller), Bad Rothenfelde, Berlin, Celle, Geesthacht, G\u00f6ttingen, Hannover, Helmstedt, Plauen, Radeberg, Staufenberg, Vechta, Werneuchen, Wolfsburg<\/td>\n    <\/tr>\n    <tr>\n      <td>cw 52<\/td>\n      <td>22.12. - 26.11.2025<\/td>\n          <td>No tours - office occupied from 02.01.<\/td>\n    <\/tr>\n  <\/table>\t\t\t\t<\/div>\n\t\t\t\t<\/div>\n\t\t\t\t<div class=\"elementor-element elementor-element-709db6e elementor-align-center elementor-widget elementor-widget-button\" data-id=\"709db6e\" data-element_type=\"widget\" data-e-type=\"widget\" data-widget_type=\"button.default\">\n\t\t\t\t<div class=\"elementor-widget-container\">\n\t\t\t\t\t\t\t\t\t<div class=\"elementor-button-wrapper\">\n\t\t\t\t\t<a class=\"elementor-button elementor-button-link elementor-size-sm\" href=\"https:\/\/finearttravel.de\/en\/aktuelle-touren-zielorte-daten-vorschau\/\">\n\t\t\t\t\t\t<span class=\"elementor-button-content-wrapper\">\n\t\t\t\t\t\t\t\t\t<span class=\"elementor-button-text\">Current tours<\/span>\n\t\t\t\t\t<\/span>\n\t\t\t\t\t<\/a>\n\t\t\t\t<\/div>\n\t\t\t\t\t\t\t\t<\/div>\n\t\t\t\t<\/div>\n\t\t\t\t<div class=\"elementor-element elementor-element-068449f elementor-widget-divider--view-line elementor-widget elementor-widget-divider\" data-id=\"068449f\" data-element_type=\"widget\" data-e-type=\"widget\" data-widget_type=\"divider.default\">\n\t\t\t\t<div class=\"elementor-widget-container\">\n\t\t\t\t\t\t\t<div class=\"elementor-divider\">\n\t\t\t<span class=\"elementor-divider-separator\">\n\t\t\t\t\t\t<\/span>\n\t\t<\/div>\n\t\t\t\t\t\t<\/div>\n\t\t\t\t<\/div>\n\t\t\t\t<div class=\"elementor-element elementor-element-1968d0d elementor-align-center elementor-widget elementor-widget-button\" data-id=\"1968d0d\" data-element_type=\"widget\" data-e-type=\"widget\" data-widget_type=\"button.default\">\n\t\t\t\t<div class=\"elementor-widget-container\">\n\t\t\t\t\t\t\t\t\t<div class=\"elementor-button-wrapper\">\n\t\t\t\t\t<a class=\"elementor-button elementor-button-link elementor-size-sm\" href=\"https:\/\/finearttravel.de\/en\/\">\n\t\t\t\t\t\t<span class=\"elementor-button-content-wrapper\">\n\t\t\t\t\t\t\t\t\t<span class=\"elementor-button-text\">Start page<\/span>\n\t\t\t\t\t<\/span>\n\t\t\t\t\t<\/a>\n\t\t\t\t<\/div>\n\t\t\t\t\t\t\t\t<\/div>\n\t\t\t\t<\/div>\n\t\t\t\t\t<\/div>\n\t\t<\/div>\n\t\t\t\t\t<\/div>\n\t\t<\/section>\n\t\t\t\t<\/div>","protected":false},"excerpt":{"rendered":"<p>Zur\u00fcckliegende Touren 2024 &#8212; \u00dcbersicht zur\u00fcckliegender Touren In der unteren Tabelle sind unsere letzten, bereits durchgef\u00fchrten Transporttermine im Jahr 2023, untergliedert in Kalenderwoche, Datum und Zielorte bzw. L\u00e4nder tabellarisch dargestellt. Kalenderwoche (KW) Datum Ziele\/Destinations KW 01 30.12.24 &#8211; 03.01.25 Keine Touren &#8211; B\u00fcro besetzt KW 02 07.01. &#8211; 11.01.2025 Mittel- \/Ostdeutschland Halle; Neustrelitz; Oldenburg; Putbus; [&hellip;]<\/p>\n","protected":false},"author":2,"featured_media":0,"parent":0,"menu_order":0,"comment_status":"closed","ping_status":"closed","template":"","meta":{"inline_featured_image":false,"ocean_post_layout":"","ocean_both_sidebars_style":"","ocean_both_sidebars_content_width":0,"ocean_both_sidebars_sidebars_width":0,"ocean_sidebar":"","ocean_second_sidebar":"","ocean_disable_margins":"enable","ocean_add_body_class":"","ocean_shortcode_before_top_bar":"","ocean_shortcode_after_top_bar":"","ocean_shortcode_before_header":"","ocean_shortcode_after_header":"","ocean_has_shortcode":"","ocean_shortcode_after_title":"","ocean_shortcode_before_footer_widgets":"","ocean_shortcode_after_footer_widgets":"","ocean_shortcode_before_footer_bottom":"","ocean_shortcode_after_footer_bottom":"","ocean_display_top_bar":"off","ocean_display_header":"default","ocean_header_style":"","ocean_center_header_left_menu":"","ocean_custom_header_template":"","ocean_custom_logo":0,"ocean_custom_retina_logo":0,"ocean_custom_logo_max_width":0,"ocean_custom_logo_tablet_max_width":0,"ocean_custom_logo_mobile_max_width":0,"ocean_custom_logo_max_height":0,"ocean_custom_logo_tablet_max_height":0,"ocean_custom_logo_mobile_max_height":0,"ocean_header_custom_menu":"","ocean_menu_typo_font_family":"","ocean_menu_typo_font_subset":"","ocean_menu_typo_font_size":0,"ocean_menu_typo_font_size_tablet":0,"ocean_menu_typo_font_size_mobile":0,"ocean_menu_typo_font_size_unit":"px","ocean_menu_typo_font_weight":"","ocean_menu_typo_font_weight_tablet":"","ocean_menu_typo_font_weight_mobile":"","ocean_menu_typo_transform":"","ocean_menu_typo_transform_tablet":"","ocean_menu_typo_transform_mobile":"","ocean_menu_typo_line_height":0,"ocean_menu_typo_line_height_tablet":0,"ocean_menu_typo_line_height_mobile":0,"ocean_menu_typo_line_height_unit":"","ocean_menu_typo_spacing":0,"ocean_menu_typo_spacing_tablet":0,"ocean_menu_typo_spacing_mobile":0,"ocean_menu_typo_spacing_unit":"","ocean_menu_link_color":"","ocean_menu_link_color_hover":"","ocean_menu_link_color_active":"","ocean_menu_link_background":"","ocean_menu_link_hover_background":"","ocean_menu_link_active_background":"","ocean_menu_social_links_bg":"","ocean_menu_social_hover_links_bg":"","ocean_menu_social_links_color":"","ocean_menu_social_hover_links_color":"","ocean_disable_title":"on","ocean_disable_heading":"default","ocean_post_title":"","ocean_post_subheading":"","ocean_post_title_style":"","ocean_post_title_background_color":"","ocean_post_title_background":0,"ocean_post_title_bg_image_position":"","ocean_post_title_bg_image_attachment":"","ocean_post_title_bg_image_repeat":"","ocean_post_title_bg_image_size":"","ocean_post_title_height":0,"ocean_post_title_bg_overlay":0.5,"ocean_post_title_bg_overlay_color":"","ocean_disable_breadcrumbs":"default","ocean_breadcrumbs_color":"","ocean_breadcrumbs_separator_color":"","ocean_breadcrumbs_links_color":"","ocean_breadcrumbs_links_hover_color":"","ocean_display_footer_widgets":"default","ocean_display_footer_bottom":"default","ocean_custom_footer_template":"","footnotes":""},"class_list":["post-2190","page","type-page","status-publish","hentry","entry"],"yoast_head":"<!-- This site is optimized with the Yoast SEO plugin v27.3 - https:\/\/yoast.com\/product\/yoast-seo-wordpress\/ -->\n<title>Zur\u00fcckliegende Touren 2025 - FineArtTravel<\/title>\n<meta name=\"robots\" content=\"index, follow, max-snippet:-1, max-image-preview:large, max-video-preview:-1\" \/>\n<link rel=\"canonical\" href=\"https:\/\/finearttravel.de\/en\/zurueckliegende-touren-2025\/\" \/>\n<meta property=\"og:locale\" content=\"en_GB\" \/>\n<meta property=\"og:type\" content=\"article\" \/>\n<meta property=\"og:title\" content=\"Zur\u00fcckliegende Touren 2025 - FineArtTravel\" \/>\n<meta property=\"og:description\" content=\"Zur\u00fcckliegende Touren 2024 &#8212; \u00dcbersicht zur\u00fcckliegender Touren In der unteren Tabelle sind unsere letzten, bereits durchgef\u00fchrten Transporttermine im Jahr 2023, untergliedert in Kalenderwoche, Datum und Zielorte bzw. L\u00e4nder tabellarisch dargestellt. Kalenderwoche (KW) Datum Ziele\/Destinations KW 01 30.12.24 &#8211; 03.01.25 Keine Touren &#8211; B\u00fcro besetzt KW 02 07.01. &#8211; 11.01.2025 Mittel- \/Ostdeutschland Halle; Neustrelitz; Oldenburg; Putbus; [&hellip;]\" \/>\n<meta property=\"og:url\" content=\"https:\/\/finearttravel.de\/en\/zurueckliegende-touren-2025\/\" \/>\n<meta property=\"og:site_name\" content=\"FineArtTravel\" \/>\n<meta property=\"article:publisher\" content=\"https:\/\/www.facebook.com\/FineArtTravel\" \/>\n<meta property=\"article:modified_time\" content=\"2025-12-21T21:56:36+00:00\" \/>\n<meta name=\"twitter:card\" content=\"summary_large_image\" \/>\n<meta name=\"twitter:label1\" content=\"Estimated reading time\" \/>\n\t<meta name=\"twitter:data1\" content=\"8 minutes\" \/>\n<script type=\"application\/ld+json\" class=\"yoast-schema-graph\">{\"@context\":\"https:\\\/\\\/schema.org\",\"@graph\":[{\"@type\":\"WebPage\",\"@id\":\"https:\\\/\\\/finearttravel.de\\\/zurueckliegende-touren-2025\\\/\",\"url\":\"https:\\\/\\\/finearttravel.de\\\/zurueckliegende-touren-2025\\\/\",\"name\":\"Zur\u00fcckliegende Touren 2025 - FineArtTravel\",\"isPartOf\":{\"@id\":\"https:\\\/\\\/finearttravel.de\\\/#website\"},\"datePublished\":\"2025-12-20T12:21:53+00:00\",\"dateModified\":\"2025-12-21T21:56:36+00:00\",\"breadcrumb\":{\"@id\":\"https:\\\/\\\/finearttravel.de\\\/zurueckliegende-touren-2025\\\/#breadcrumb\"},\"inLanguage\":\"en-GB\",\"potentialAction\":[{\"@type\":\"ReadAction\",\"target\":[\"https:\\\/\\\/finearttravel.de\\\/zurueckliegende-touren-2025\\\/\"]}]},{\"@type\":\"BreadcrumbList\",\"@id\":\"https:\\\/\\\/finearttravel.de\\\/zurueckliegende-touren-2025\\\/#breadcrumb\",\"itemListElement\":[{\"@type\":\"ListItem\",\"position\":1,\"name\":\"Startseite\",\"item\":\"https:\\\/\\\/finearttravel.de\\\/\"},{\"@type\":\"ListItem\",\"position\":2,\"name\":\"Zur\u00fcckliegende Touren 2025\"}]},{\"@type\":\"WebSite\",\"@id\":\"https:\\\/\\\/finearttravel.de\\\/#website\",\"url\":\"https:\\\/\\\/finearttravel.de\\\/\",\"name\":\"FineArtTravel\",\"description\":\"Internationale Kunstspedition\",\"publisher\":{\"@id\":\"https:\\\/\\\/finearttravel.de\\\/#organization\"},\"potentialAction\":[{\"@type\":\"SearchAction\",\"target\":{\"@type\":\"EntryPoint\",\"urlTemplate\":\"https:\\\/\\\/finearttravel.de\\\/?s={search_term_string}\"},\"query-input\":{\"@type\":\"PropertyValueSpecification\",\"valueRequired\":true,\"valueName\":\"search_term_string\"}}],\"inLanguage\":\"en-GB\"},{\"@type\":\"Organization\",\"@id\":\"https:\\\/\\\/finearttravel.de\\\/#organization\",\"name\":\"FineArtTravel\",\"url\":\"https:\\\/\\\/finearttravel.de\\\/\",\"logo\":{\"@type\":\"ImageObject\",\"inLanguage\":\"en-GB\",\"@id\":\"https:\\\/\\\/finearttravel.de\\\/#\\\/schema\\\/logo\\\/image\\\/\",\"url\":\"https:\\\/\\\/finearttravel.de\\\/wp-content\\\/uploads\\\/2021\\\/12\\\/LOGO-FineArtTravel.png\",\"contentUrl\":\"https:\\\/\\\/finearttravel.de\\\/wp-content\\\/uploads\\\/2021\\\/12\\\/LOGO-FineArtTravel.png\",\"width\":745,\"height\":235,\"caption\":\"FineArtTravel\"},\"image\":{\"@id\":\"https:\\\/\\\/finearttravel.de\\\/#\\\/schema\\\/logo\\\/image\\\/\"},\"sameAs\":[\"https:\\\/\\\/www.facebook.com\\\/FineArtTravel\",\"https:\\\/\\\/www.instagram.com\\\/finearttravel\\\/\",\"https:\\\/\\\/www.youtube.com\\\/channel\\\/UCY-ND4BCiOw412ePm8KEx-w\"]}]}<\/script>\n<!-- \/ Yoast SEO plugin. -->","yoast_head_json":{"title":"Zur\u00fcckliegende Touren 2025 - FineArtTravel","robots":{"index":"index","follow":"follow","max-snippet":"max-snippet:-1","max-image-preview":"max-image-preview:large","max-video-preview":"max-video-preview:-1"},"canonical":"https:\/\/finearttravel.de\/en\/zurueckliegende-touren-2025\/","og_locale":"en_GB","og_type":"article","og_title":"Zur\u00fcckliegende Touren 2025 - FineArtTravel","og_description":"Zur\u00fcckliegende Touren 2024 &#8212; \u00dcbersicht zur\u00fcckliegender Touren In der unteren Tabelle sind unsere letzten, bereits durchgef\u00fchrten Transporttermine im Jahr 2023, untergliedert in Kalenderwoche, Datum und Zielorte bzw. L\u00e4nder tabellarisch dargestellt. Kalenderwoche (KW) Datum Ziele\/Destinations KW 01 30.12.24 &#8211; 03.01.25 Keine Touren &#8211; B\u00fcro besetzt KW 02 07.01. &#8211; 11.01.2025 Mittel- \/Ostdeutschland Halle; Neustrelitz; Oldenburg; Putbus; [&hellip;]","og_url":"https:\/\/finearttravel.de\/en\/zurueckliegende-touren-2025\/","og_site_name":"FineArtTravel","article_publisher":"https:\/\/www.facebook.com\/FineArtTravel","article_modified_time":"2025-12-21T21:56:36+00:00","twitter_card":"summary_large_image","twitter_misc":{"Estimated reading time":"8 minutes"},"schema":{"@context":"https:\/\/schema.org","@graph":[{"@type":"WebPage","@id":"https:\/\/finearttravel.de\/zurueckliegende-touren-2025\/","url":"https:\/\/finearttravel.de\/zurueckliegende-touren-2025\/","name":"Zur\u00fcckliegende Touren 2025 - FineArtTravel","isPartOf":{"@id":"https:\/\/finearttravel.de\/#website"},"datePublished":"2025-12-20T12:21:53+00:00","dateModified":"2025-12-21T21:56:36+00:00","breadcrumb":{"@id":"https:\/\/finearttravel.de\/zurueckliegende-touren-2025\/#breadcrumb"},"inLanguage":"en-GB","potentialAction":[{"@type":"ReadAction","target":["https:\/\/finearttravel.de\/zurueckliegende-touren-2025\/"]}]},{"@type":"BreadcrumbList","@id":"https:\/\/finearttravel.de\/zurueckliegende-touren-2025\/#breadcrumb","itemListElement":[{"@type":"ListItem","position":1,"name":"Startseite","item":"https:\/\/finearttravel.de\/"},{"@type":"ListItem","position":2,"name":"Zur\u00fcckliegende Touren 2025"}]},{"@type":"WebSite","@id":"https:\/\/finearttravel.de\/#website","url":"https:\/\/finearttravel.de\/","name":"FineArtTravel","description":"International art shipping company","publisher":{"@id":"https:\/\/finearttravel.de\/#organization"},"potentialAction":[{"@type":"SearchAction","target":{"@type":"EntryPoint","urlTemplate":"https:\/\/finearttravel.de\/?s={search_term_string}"},"query-input":{"@type":"PropertyValueSpecification","valueRequired":true,"valueName":"search_term_string"}}],"inLanguage":"en-GB"},{"@type":"Organization","@id":"https:\/\/finearttravel.de\/#organization","name":"FineArtTravel","url":"https:\/\/finearttravel.de\/","logo":{"@type":"ImageObject","inLanguage":"en-GB","@id":"https:\/\/finearttravel.de\/#\/schema\/logo\/image\/","url":"https:\/\/finearttravel.de\/wp-content\/uploads\/2021\/12\/LOGO-FineArtTravel.png","contentUrl":"https:\/\/finearttravel.de\/wp-content\/uploads\/2021\/12\/LOGO-FineArtTravel.png","width":745,"height":235,"caption":"FineArtTravel"},"image":{"@id":"https:\/\/finearttravel.de\/#\/schema\/logo\/image\/"},"sameAs":["https:\/\/www.facebook.com\/FineArtTravel","https:\/\/www.instagram.com\/finearttravel\/","https:\/\/www.youtube.com\/channel\/UCY-ND4BCiOw412ePm8KEx-w"]}]}},"_links":{"self":[{"href":"https:\/\/finearttravel.de\/en\/wp-json\/wp\/v2\/pages\/2190","targetHints":{"allow":["GET"]}}],"collection":[{"href":"https:\/\/finearttravel.de\/en\/wp-json\/wp\/v2\/pages"}],"about":[{"href":"https:\/\/finearttravel.de\/en\/wp-json\/wp\/v2\/types\/page"}],"author":[{"embeddable":true,"href":"https:\/\/finearttravel.de\/en\/wp-json\/wp\/v2\/users\/2"}],"replies":[{"embeddable":true,"href":"https:\/\/finearttravel.de\/en\/wp-json\/wp\/v2\/comments?post=2190"}],"version-history":[{"count":15,"href":"https:\/\/finearttravel.de\/en\/wp-json\/wp\/v2\/pages\/2190\/revisions"}],"predecessor-version":[{"id":2247,"href":"https:\/\/finearttravel.de\/en\/wp-json\/wp\/v2\/pages\/2190\/revisions\/2247"}],"wp:attachment":[{"href":"https:\/\/finearttravel.de\/en\/wp-json\/wp\/v2\/media?parent=2190"}],"curies":[{"name":"wp","href":"https:\/\/api.w.org\/{rel}","templated":true}]}}